{"id":1937,"date":"2016-06-05T13:28:56","date_gmt":"2016-06-05T11:28:56","guid":{"rendered":"https:\/\/www.idphoto.ch\/lexikon\/?page_id=1937"},"modified":"2016-12-11T11:21:02","modified_gmt":"2016-12-11T10:21:02","slug":"suedkorea","status":"publish","type":"page","link":"https:\/\/www.idphoto.app\/lexikon\/visum\/suedkorea\/","title":{"rendered":"S\u00fcdkorea \ud83c\uddf0\ud83c\uddf7"},"content":{"rendered":"<p>F\u00fcr die Einreise in S\u00fcdkorea\u00a0ben\u00f6tigen Staatsangeh\u00f6rige der Schweiz und Liechtenstein f\u00fcr touristische und gesch\u00e4ftliche Zwecke bis zu einer Aufenthaltsdauer von 3 Monaten kein Visum.<\/p>\n<p>F\u00fcr l\u00e4ngere Aufenthalte, zur Erwerbst\u00e4tigkeit oder f\u00fcr nicht-privilegierte Staatsangeh\u00f6rige ist ein Visum zwingend erforderlich. Hierf\u00fcr wird ein\u00a0farbiges Passfoto im Format 35 x 45 mm verlangt, das\u00a0nicht \u00e4lter als 6 Monate sein darf.\u00a0Das Passfoto kann mit unserem <a href=\"https:\/\/www.idphoto.ch\/upload\/passbild\">Passfoto-Generator<\/a>\u00a0schnell und einfach an die richtige Gr\u00f6sse angepasst werden. Bis auf wenige Ausnahmen gelten die\u00a0<a href=\"http:\/\/www.idphoto.ch\/lexikon\/passfoto\/wie-mache-ich-selber-ein-passbild-kurzanleitung\/\">biometrischen Bestimmungen<\/a>, wie sie auch in der Schweiz f\u00fcr alle Ausweisdokumente gelten.<\/p>\n<p>Weitere Informationen zum Antragsprozess finden Sie auf der <a href=\"http:\/\/che-berne.mofa.go.kr\/worldlanguage\/europe\/che-germany\/visa\/issuance\/index.jsp\">Website der s\u00fcdkoreanischen Botschaft in Bern<\/a>.<\/p>\n<p>&nbsp;<\/p>\n<div id=\"attachment_1938\" style=\"width: 309px\" class=\"wp-caption aligncenter\"><a href=\"https:\/\/www.eda.admin.ch\/eda\/de\/home\/vertretungen-und-reisehinweise\/republik-korea\/reisehinweise-fuerdierepublikkorea.html\" target=\"_blank\"><img aria-describedby=\"caption-attachment-1938\" loading=\"lazy\" class=\"wp-image-1938\" title=\"https:\/\/www.eda.admin.ch\/eda\/de\/home\/vertretungen-und-reisehinweise\/republik-korea\/reisehinweise-fuerdierepublikkorea.html\" src=\"https:\/\/www.idphoto.ch\/lexikon\/wp-content\/uploads\/2016\/06\/index-250x166.png\" width=\"299\" height=\"199\" srcset=\"https:\/\/www.idphoto.app\/lexikon\/wp-content\/uploads\/2016\/06\/index-250x166.png 250w, https:\/\/www.idphoto.app\/lexikon\/wp-content\/uploads\/2016\/06\/index-120x80.png 120w, https:\/\/www.idphoto.app\/lexikon\/wp-content\/uploads\/2016\/06\/index.png 275w\" sizes=\"(max-width: 299px) 100vw, 299px\" \/><\/a><p id=\"caption-attachment-1938\" class=\"wp-caption-text\">Reisehinweise des EDA<\/p><\/div>\n<p>&nbsp;<\/p>\n<p><a class=\"flat-button orange-flat-button\" title=\"Bild hochladen und Passbild f\u00fcr den F\u00fchrerschein zuschneiden\" href=\"https:\/\/www.idphoto.ch\/upload\/passbild\">Jetzt ein Passbild\u00a0erstellen \u00bb<\/a><\/p>\n","protected":false},"excerpt":{"rendered":"F\u00fcr die Einreise in S\u00fcdkorea\u00a0ben\u00f6tigen Staatsangeh\u00f6rige der Schweiz und Liechtenstein f\u00fcr touristische und gesch\u00e4ftliche Zwecke bis zu einer Aufenthaltsdauer von 3 Monaten kein Visum. F\u00fcr l\u00e4ngere Aufenthalte, zur Erwerbst\u00e4tigkeit oder f\u00fcr nicht-privilegierte Staatsangeh\u00f6rige ist ein Visum zwingend erforderlich. Hierf\u00fcr wird ein\u00a0farbiges Passfoto im Format 35 x 45 mm verlangt, das\u00a0nicht \u00e4lter als 6 Monate sein&#8230; <a class=\"view-article\" href=\"https:\/\/www.idphoto.app\/lexikon\/visum\/suedkorea\/\">Anzeigen<\/a>","protected":false},"author":3,"featured_media":0,"parent":998,"menu_order":0,"comment_status":"closed","ping_status":"closed","template":"","meta":[],"_links":{"self":[{"href":"https:\/\/www.idphoto.app\/lexikon\/wp-json\/wp\/v2\/pages\/1937"}],"collection":[{"href":"https:\/\/www.idphoto.app\/lexikon\/wp-json\/wp\/v2\/pages"}],"about":[{"href":"https:\/\/www.idphoto.app\/lexikon\/wp-json\/wp\/v2\/types\/page"}],"author":[{"embeddable":true,"href":"https:\/\/www.idphoto.app\/lexikon\/wp-json\/wp\/v2\/users\/3"}],"replies":[{"embeddable":true,"href":"https:\/\/www.idphoto.app\/lexikon\/wp-json\/wp\/v2\/comments?post=1937"}],"version-history":[{"count":7,"href":"https:\/\/www.idphoto.app\/lexikon\/wp-json\/wp\/v2\/pages\/1937\/revisions"}],"predecessor-version":[{"id":2217,"href":"https:\/\/www.idphoto.app\/lexikon\/wp-json\/wp\/v2\/pages\/1937\/revisions\/2217"}],"up":[{"embeddable":true,"href":"https:\/\/www.idphoto.app\/lexikon\/wp-json\/wp\/v2\/pages\/998"}],"wp:attachment":[{"href":"https:\/\/www.idphoto.app\/lexikon\/wp-json\/wp\/v2\/media?parent=1937"}],"curies":[{"name":"wp","href":"https:\/\/api.w.org\/{rel}","templated":true}]}}